{"id":331,"date":"2018-03-16T14:54:30","date_gmt":"2018-03-16T13:54:30","guid":{"rendered":"http:\/\/voixdaunis.com\/?page_id=331"},"modified":"2025-12-16T21:53:10","modified_gmt":"2025-12-16T20:53:10","slug":"agenda","status":"publish","type":"page","link":"https:\/\/voixdaunis.com\/index.php\/agenda\/","title":{"rendered":"Agenda"},"content":{"rendered":"\n<p>Vendredi 6 au Dimanche 8 f\u00e9vrier 2025 <br><strong>Week-end de chant et concert m\u00e9ditatif&nbsp; \u00e0 Villeneuve d\u2019Ascq-59<\/strong> <strong>Hildegarde de Bingen<\/strong><\/p>\n\n\n\n<p><strong>Corps-Voix-M\u00e9ditation<\/strong> <a href=\"https:\/\/voixdaunis.com\/wp-content\/uploads\/2025\/12\/stage-hildegarde-lille-6-7-8-fev-2026-3.pdf\" target=\"_blank\" rel=\"noreferrer noopener\">Plaquette du stage <\/a><\/p>\n\n\n\n<p>Vendredi 13 au samedi 14 mars<\/p>\n\n\n\n<p><strong>Concert cont\u00e9 et chant\u00e9 autour d&#8217;Hildegarde de Bingen<\/strong> (vendredi) et cercle de chant (Samedi) \u00e0 Biarritz <a href=\"https:\/\/biarritz.nouvelle-acropole.fr\/\">https:\/\/biarritz.nouvelle-acropole.fr\/<\/a><\/p>\n\n\n\n<figure class=\"wp-block-table\"><table><thead><tr><th>Vendredi 18 juillet 2025 \u00e0 18h concert m\u00e9ditatif &#8220;o frondes&#8221; \u00e0 l&#8217;\u00e9glise de Surg\u00e8res (17)<br>Samedi 19 juillet au mardi 22 juillet 2025 , stage de chant et session musicale &#8220;Marie-Madeleine, f\u00e9minin sacr\u00e9&#8221; dans le Marais et l&#8217;\u00e9glise de Saint-Sauveur d&#8217;Aunis.<br>Mardi 22 juillet 2025 \u00e0 16h, concert de fin de stage \u00e0 l&#8217;\u00e9glise de Saint-Jean de Liversay-17<br><strong>Vendredi 15 au 17 ao\u00fbt 2025 :<\/strong> stage et cession musicale <strong>Hildegarde de Bingen<\/strong> chant, m\u00e9ditation, r\u00e9pertoire, concert<br><strong>Vendredi 12 septembre 2025 \u00e0 20h:<\/strong> concert m\u00e9ditatif Hildegarde de Bingen Eglise Saint Georges du bois<br><strong>Samedi 13 au 17 septembre 2025<\/strong>&nbsp;: <strong>Hildegarde de Bingen<\/strong> chant, m\u00e9ditationtage et cession musicale , r\u00e9pertoire&nbsp;Tarif 280 \u20ac + 8 \u20ac d&#8217;ad ( 160 \u20ac pour 2 jours du 13 au 14 sept ) .&nbsp;<br><strong>Dimanche 14 septembre 2025 <\/strong>: &#8220;Hildegarde, une femme hors norme&#8221;, concert-conf\u00e9rence \u00e0 16h \u00e0 la salle des f\u00eates de Cram Chaban-17<br><strong>Mercredi 17 septembre 2025<\/strong> : &#8220;Hildegarde, mots et chants&#8221;, chorale \u00e9ph\u00e8m\u00e8re \u00e0 14h \/ concerts \u00e0 16H \u00e0 l&#8217;\u00e9glise de Saint-sauveur d&#8217;Aunis \u00e0 la Rochelle-17<br><strong>Dimanche 21septembre <\/strong>: &#8220;Op\u00e9ra a la bougie&#8221; 17h au Fort la Pointe (JOURnee du patrimoine)<br><strong>Mardi 23 septembre<\/strong>&nbsp;:&nbsp;<strong>atelier lyrique de&nbsp;<em>La Boh\u00e8me<\/em>&nbsp;\u00e0 20h<\/strong>,<br>puis mardi 7 octobre 2025 : pr\u00e9sentation et reprise \u00e0 20h au centre social de Saint-\u00c9loi, 40 rue Basse de Saint-\u00c9loi \u00e0 La Rochelle.<br>Ensuite, \u00e0 partir du 7 octobre, auront lieu l\u2019atelier et les cours individuels.<br><em>(Programme :<\/em>&nbsp;<strong>Pri\u00e8re bouddhique<\/strong>&nbsp;de Lili Boulanger,&nbsp;<em>Regina Caeli<\/em>&nbsp;de Mel Bonis, Mozart, Delibes (messe adapt\u00e9e au temps de No\u00ebl), Massenet\u2026 Technique vocale et souffle \u00ab corps et voix \u00bb, vocalises, technique de l\u2019appel, d\u00e9veloppement et pose de la voix, etc.<em>)<\/em><br><strong>Mardi 7 octobre 2025 : ch\u0153ur&nbsp;<em>Ac Diadema<\/em>&nbsp;<\/strong>\u2013 inscription, audition et pr\u00e9sentation du ch\u0153ur m\u00e9di\u00e9val sacr\u00e9 (cr\u00e9ation 2025), \u00e0 la chapelle Saint-Louis \u00e0 La Rochelle.<br>R\u00e9p\u00e9titions tous les mardis entre 12h30 et 13h30.<br>R\u00e9pertoire : manuscrits m\u00e9di\u00e9vaux, chants gr\u00e9goriens, chants d\u2019Hildegarde de Bingen, plain-chant, chants m\u00e9di\u00e9vaux sacr\u00e9s (<em>P\u00e8lerins-Cantigas, Llibre Vermell, \u00c9cole de Notre-Dame<\/em>\u2026).<br><br>Relation de la voix aux phras\u00e9s, aux neumes (\u00e9criture m\u00e9di\u00e9vale), \u00e0 l\u2019\u00e9coute, au corps, aux mouvements\u2026Travail personnel demand\u00e9. <br><strong>Samedi 27 au 28 septembre 2025  <\/strong> : chant gregorien, &#8220;\u00e0 la Vierge&#8221; R\u00e9pertoire Marial, stage et cession musicale .<br><strong>Dimanche 28 septembre 2025 <\/strong>concert gr\u00e9gorien \u00e0 la Vierge \u00e0 16h \u00e9glise de Saint-georges du Bois-17<br><strong>Samedi 4 octobre 2025<\/strong> \u00e0 18h Concert A cappella, chant grEGORIEN et complaintes contees et chantees, eglise de Maill\u00e9-85420-festival des dragons<br><strong>Vendredi 10 au dimanche 12 octobre 2025<\/strong> <strong>Chant Gr\u00e9gorien<\/strong> \u00c0 l&#8217;\u00e9glise Saint-Sauveur \u00e0 la Rochelle, possibilit\u00e9 au paroissien de venir \u00e0 17h et participation \u00e0 l&#8217;office du dimanche \u00e0 18h<br><strong>Lundi 20 au jeudi 23 octobre 2025<\/strong> <strong>Chant m\u00e9di\u00e9val et Conscience corporelle \u00e0 l&#8217;Abbaye de Fontdouce 17<\/strong> avec <a href=\"https:\/\/www.christinewahl.co\/\">Christine Wahl<\/a>, corps, danse, tai-chi, Fabienne Cellier-Triguel, soprano ; chants gr\u00e9goriens, d&#8217;Hildegarde de Bingen, chant m\u00e9di\u00e9val, concert, possibilit\u00e9 de dormir \u00e0 l&#8217;abbaye. Th\u00e8me le Son-Jeux (imagination, Jeux- Joie&#8230;)<br><br>de janvier \u00e0 juin 2025 cercle de chant r\u00e9gulier mensuel autour de Hildegarde de Bingen \u00e0 Dompierre sur mer, dans le cadre de la cr\u00e9ation &#8216;O Frondes&#8221;<br><strong>Samedi 15 mars dimanche 16 mars 2025<\/strong>. Cercle de chant et de m\u00e9ditation et concert a cappella autour d&#8217;Hildegarde de Bingen au week-end DES ARTS \u00c0 l&#8217;abbaye DE la cour P\u00e9tral.<br><strong>Samedi 29 au 30 mars 2025 Chant Gr\u00e9gorien<\/strong> Mode 1, m\u00e9ditation, r\u00e9pertoire, concert (possibilit\u00e9 de suivre une seule journ\u00e9e)<br><strong>Jeudi &nbsp;1 au 4 mai 2025<\/strong> <strong>Hildegarde de Bingen<\/strong> chant, m\u00e9ditation, r\u00e9pertoire, concert<br><strong>Samedi 10 et dimanche 11 mai 2025<\/strong> <strong>Cercle de chant et m\u00e9ditation<\/strong>, <strong>th\u00e8me &#8220;sagesse am\u00e9rindienne et Hildegarde de Bingen&#8221;<\/strong>, chants sacr\u00e9s, traditionnels (am\u00e9rindiens&#8230;), Mantras d&#8217;Hildegarde, yoga du son, technique vocale en conscience, souffle, concert m\u00e9ditatif.<br><strong>Samedi 17 au 18 mai 2025 Chant Gr\u00e9gorien<\/strong>Mode 2, m\u00e9ditation, r\u00e9pertoire, concert<br><strong>Jeudi 29 mai au 1er juin 2025<\/strong> <strong>Chant lyrique<\/strong>, technique vocale, r\u00e9pertoire collectif, concert<br><strong>Samedi 7 au 9 juin 2025<\/strong> <strong>Hildegarde de Bingen<\/strong> chant, m\u00e9ditation, r\u00e9pertoire, concert<br><strong>Samedi 14 au 15 juin 2025 Chant Gr\u00e9gorien<\/strong> Mode 3, m\u00e9ditation, r\u00e9pertoire, concert<br><strong>Samedi 21 au 22 juin 2025<\/strong> <strong>Retraite solstice d&#8217;\u00e9t\u00e9 chant, danse, yoga<\/strong>, chants sacr\u00e9s et traditionnels, Yoga du son, Hatha Yoga, danse biodynamique, cercles, concert m\u00e9ditatif nature, autour du feu avec Gabrielle Escalano, danse et yoga et Fabienne Cellier-Triguel, chant&#8230;<br><strong>Samedi 28 et 29 juin 2025<\/strong> <strong>Chant lyrique<\/strong>, technique vocale, r\u00e9pertoire collectif, concert<br><strong>Samedi 19 au 22 juillet 2025 :<\/strong> <strong>Marie-Madeleine et f\u00e9minin sacr\u00e9<\/strong> chant m\u00e9di\u00e9val, chants gr\u00e9goriens et d&#8217;Hildegarde de Bingen, , Conscience vocale, yoga du son, m\u00e9ditation, concert<br><br><br>2024<\/th><\/tr><\/thead><tbody><tr><td><br><strong>Samedi 12 et dimanche 13 octobre 2024, <\/strong>Hildegarde de Bingen, chant et m\u00e9ditation<strong>,&nbsp;<\/strong>organis\u00e9 par le centre Mouneyra \u00e0<strong>&nbsp;Bordeaux<\/strong><br> Tarif 150 \u20ac: Descriptif et inscription \u00e0 l&#8217;espace Mouneyra.<a href=\"https:\/\/www.espace-mouneyra.com\/\" data-type=\"link\" data-id=\"https:\/\/www.espace-mouneyra.com\/\" target=\"_blank\" rel=\"noreferrer noopener\"> cliquez ici<\/a><br><strong>Mardi 22 au Vendredi 25 octobre 2024,<\/strong> Stage \u00e0&nbsp;<strong>l\u2019<a href=\"https:\/\/www.fontdouce.com\/\" target=\"_blank\" rel=\"noreferrer noopener\">Abbaye de Fontdouce <\/a>(17)<\/strong>&nbsp;Chant m\u00e9di\u00e9val et conscience corporelle, avec Christine Wahl, et Fabienne Cellier-Triguel. Th\u00e8me de la joie ! La Jo\u00efa, dans l&#8217;amour courtois, la joie d&#8217;Hildegarde et dans la conscience int\u00e9rieure&#8230;<br>Tarif : 295 \u20ac+ + 8 \u20ac d&#8217;adh. Descriptif et inscription \u00e0 l&#8217;abbaye de Fontdouce .<a href=\"https:\/\/abbaye-fontdouce.com\/\" data-type=\"link\" data-id=\"https:\/\/abbaye-fontdouce.com\/\" target=\"_blank\" rel=\"noreferrer noopener\"> cliquez ici<\/a> <a href=\"https:\/\/voixdaunis.com\/wp-content\/uploads\/2024\/10\/Flyer-Stage-de-chant-Octobre-2024-.pdf\" target=\"_blank\" rel=\"noreferrer noopener\">Flyer<\/a><br>H\u00e9bergement \u00e0 l&#8217;abbaye (places limit\u00e9es) et chambres d&#8217;h\u00f4te&#8230;<br><br><br><strong>D&#8217;autres dates sont en cours d&#8217;\u00e9laboration <\/strong>: stage gr\u00e9gorien, chant et m\u00e9ditation ; stage Hildegarde de Bingen, chant et m\u00e9ditation. Yoga du son et Mantras gr\u00e9gorien et d&#8217;Hildegarde, cercles de chant et m\u00e9diation, concerts m\u00e9ditatifs. <br><br><strong>Mercredi 13 et 14 mars 2024<\/strong> R\u00e9sidence et pr\u00e9sentation de la L\u00e9gende d&#8217;Hildegarde, conte et voyage sonore-Projet Medit&#8217;En Chant-Son \u00e0 l&#8217;\u00e9cole de la Ronde, 6 classes de 3 ans \u00e0 11 ans. <br><strong>Jeudi 28 au 30 mars 2024<\/strong> <a href=\"https:\/\/voixdaunis.com\/index.php\/category\/stage-de-chant\/\" data-type=\"URL\" data-id=\"https:\/\/voixdaunis.com\/index.php\/category\/stage-de-chant\/\" target=\"_blank\" rel=\"noreferrer noopener\">stage \u00e0 Pacques<\/a>, chant gr\u00e9gorien, \u00e0 Saint-Sauveur d&#8217;Aunis <br><strong>Samedi 30 mars<\/strong> \u00e0 16h concert de chant gr\u00e9gorien, \u00e9glise d&#8217;Aunis<br><strong>Vendredi 19 au 21 avril 2024<\/strong> <a href=\"https:\/\/voixdaunis.com\/index.php\/category\/stage-de-chant\/\" data-type=\"URL\" data-id=\"https:\/\/voixdaunis.com\/index.php\/category\/stage-de-chant\/\" target=\"_blank\" rel=\"noreferrer noopener\">Hildegarde de Bingen, de chant et m\u00e9ditation<\/a>, stages et cercles \u00e0 Saint-Sauveur d&#8217;Aunis \u00e0 l&#8217;\u00e9glise et au centre de la voix<br><strong>Dimanche 21 avril 2024<\/strong>, \u00e0 16h concert &#8220;Chants et mots d&#8217;Hildegarde&#8221; Eglise de ST Saturnin du Bois<br><strong>Vendredi 10 au 12 mai 2024<\/strong>, Chant lyrique, technique vocale et bel canto, en collectif et Master Class \u00e0 Saint-Sauveur d&#8217;Aunis <br><strong>Samedi 10 au 11 mai 2024 <\/strong>R\u00e9sidence spectacle Olympe <br><strong>Dimanche 12 mai 2024 Concert \u00e0 15h30 chant Marial &amp; figures de femmes, <\/strong>concert lyrique avec les ateliers de La Boh\u00e8me \u00e0 l&#8217;\u00e9glise de Saint-Sauveur \u00e0 La Rochelle (17). Participation libre. <br><strong>Jeudi 17 mai 2024 <\/strong>Concert \u00e0 20h17 chant Marial &amp; figures de femmes,<strong> <\/strong>concert lyrique avec les ateliers de La Boh\u00e8me \u00e0 la chapelle St Louis \u00e0 La Rochelle (17). Participation libre<br><strong>Vendredi 21 au dimanche 23 juin 2024<\/strong> : <a href=\"https:\/\/voixdaunis.com\/index.php\/category\/stage-de-chant\/\" data-type=\"URL\" data-id=\"https:\/\/voixdaunis.com\/index.php\/category\/stage-de-chant\/\" target=\"_blank\" rel=\"noreferrer noopener\">Hildegarde de Bingen, de chant et m\u00e9ditation<\/a>, stages et cercles \u00e0 Saint-Sauveur d&#8217;Aunis \u00e0 l&#8217;\u00e9glise et au centre de la voix<br><strong>Jeudi 18 au 21 juillet 2024 :<\/strong> Stage et concerts, Hildegarde chant, r\u00e9pertoire et m\u00e9ditation. Tarif 240 \u20ac + 8 \u20ac d&#8217;adh\u00e9sion ( 210 euros pour 3 jours). Descriptif et inscription: <a href=\"https:\/\/www.helloasso.com\/associations\/voix-d-aunis\" data-type=\"link\" data-id=\"https:\/\/www.helloasso.com\/associations\/voix-d-aunis\" target=\"_blank\" rel=\"noreferrer noopener\">cliquez ici<\/a><br><strong>Lundi 22 au 25 juillet 2024 <\/strong>: Stage et concerts, chant gr\u00e9gorien, d\u00e9couverte du patrimoine, \u00e9glises d&#8217;Aunis, th\u00e8me St Jacques et Marie-Madeleine.<br>Tarif 240 \u20ac + 8 \u20ac d&#8217;adh\u00e9sion ( 210 euros pour 3 jours). Descriptif et inscription: <a href=\"https:\/\/www.helloasso.com\/associations\/voix-d-aunis\" data-type=\"link\" data-id=\"https:\/\/www.helloasso.com\/associations\/voix-d-aunis\" target=\"_blank\" rel=\"noreferrer noopener\">cliquez ici<\/a><br><strong>Jeudi 16 au 18  ao\u00fbt 2024 :<\/strong> Stage et concerts, Hildegarde chant et m\u00e9ditation<br>Tarif 210 \u20ac + 8 \u20ac d&#8217;adh\u00e9sion . Descriptif et inscription: <a href=\"https:\/\/www.helloasso.com\/associations\/voix-d-aunis\" data-type=\"link\" data-id=\"https:\/\/www.helloasso.com\/associations\/voix-d-aunis\" target=\"_blank\" rel=\"noreferrer noopener\">cliquez ici<\/a><br><strong>Jeudi 22 au samedi 24 Ao\u00fbt<\/strong>, Stage et Master Classe de chant Lyrique \u00e0 St Sauveur d&#8217;Aunis, avec Fabienne Cellier-Triguel, soprano, et Massanori Kobiki pianiste. Tarif 210 \u20ac + 8 \u20ac d&#8217;adh\u00e9sion ( 165 euros pour 2 jours-sur acceptation). Descriptif et inscription: <a href=\"https:\/\/www.helloasso.com\/associations\/voix-d-aunis\" data-type=\"link\" data-id=\"https:\/\/www.helloasso.com\/associations\/voix-d-aunis\" target=\"_blank\" rel=\"noreferrer noopener\">cliquez ici<\/a><br><strong>Vendredi 13 au mardi 17 septembre 2024<\/strong>&nbsp;: Hildegarde de Bingen, stage Hildegarde chant, r\u00e9pertoire et m\u00e9ditation, et concerts \u00e0 St Sauveur d\u2019Aunis et \u00e9glises de l\u2019Aunis. <br>Tarif 280 \u20ac + 8 \u20ac d&#8217;ad ( 210 \u20ac pour 3 jours du 13 au 15 sept) . Descriptif et inscription: <a href=\"https:\/\/www.helloasso.com\/associations\/voix-d-aunis\" data-type=\"link\" data-id=\"https:\/\/www.helloasso.com\/associations\/voix-d-aunis\" target=\"_blank\" rel=\"noreferrer noopener\">cliquez ici<\/a><br><strong>Samedi 28 au 29 septembre 2024&nbsp;<\/strong>: stage chant m\u00e9di\u00e9val et chant spontan\u00e9 avec Marie-Armelle Meunier et Fabienne Cellier-Triguel. \u201cDames troubadours, femmes d\u2019aujourd\u2019hui\u201d<br>Descriptif et inscription: <a href=\"https:\/\/www.helloasso.com\/associations\/voix-d-aunis\" data-type=\"link\" data-id=\"https:\/\/www.helloasso.com\/associations\/voix-d-aunis\" target=\"_blank\" rel=\"noreferrer noopener\">cliquez ici<\/a> (en cours) <br><strong>Vendredi 4 au dimanche 6 octobre 2024 <\/strong>: Chant gr\u00e9gorien, r\u00e9pertoire \u00e0 l&#8217;\u00e9glise St Sauveur \u00e0 <strong>La Rochelle.<\/strong> Tarif 180 \u20ac + 8 \u20ac d&#8217;adh\u00e9sion. Descriptif et inscription: <a href=\"https:\/\/www.helloasso.com\/associations\/voix-d-aunis\" data-type=\"link\" data-id=\"https:\/\/www.helloasso.com\/associations\/voix-d-aunis\" target=\"_blank\" rel=\"noreferrer noopener\">cliquez ici<\/a><br><br><strong>D&#8217;autres dates sont en cours d&#8217;\u00e9laboration <\/strong>: stage gr\u00e9gorien, chant et m\u00e9ditation ; stage Hildegarde de Bingen, chant et m\u00e9ditation. Yoga du son et Mantras gr\u00e9gorien et d&#8217;Hildegarde, cercles de chant et m\u00e9diation, concerts m\u00e9ditatifs. <br><br> <br><\/td><\/tr><\/tbody><\/table><\/figure>\n\n\n\n\n\n\n\n\n\n\n\n\n\n<div class=\"wp-block-media-text is-stacked-on-mobile\"><figure class=\"wp-block-media-text__media\"><\/figure><div class=\"wp-block-media-text__content\">\n<p><\/p>\n<\/div><\/div>\n\n\n\n<div class=\"wp-block-media-text is-stacked-on-mobile\"><figure class=\"wp-block-media-text__media\"><\/figure><div class=\"wp-block-media-text__content\">\n<p><\/p>\n<\/div><\/div>\n\n\n\n<div class=\"wp-block-media-text is-stacked-on-mobile\"><figure class=\"wp-block-media-text__media\"><\/figure><div class=\"wp-block-media-text__content\">\n<p><\/p>\n<\/div><\/div>\n\n\n\n\n\n<p class=\"has-text-align-center\">2023<\/p>\n\n\n\n<p><strong>Samedi 8  au lundi 10 avril 2023<\/strong> Stage <a rel=\"noreferrer noopener\" href=\"https:\/\/voixdaunis.com\/index.php\/category\/stage-de-chant\/\" target=\"_blank\">chante \u00e0 P\u00e2ques, chant gr\u00e9gorien et d&#8217;Hildegarde de Bingen <\/a> au centre de la Voix d&#8217;Aunis \u00e0 St sauveur d&#8217;Aunis (17)<\/p>\n\n\n\n<p><strong>Samedi 16 avril 2023 <\/strong>Concerts Stabat Mater et Figures de femmes avec les <a href=\"http:\/\/voixdaunis.com\/index.php\/cours-de-chant-en-ligne-tutoriel\/\">ateliers de chant lyrique de &#8220;La Boh\u00e8me<\/a>&#8221; \u00e0 l&#8217;\u00e9glise St Sauveur \u00e0 La Rochelle.<\/p>\n\n\n\n<p><strong>Samedi 17 juin 2023 <\/strong>Concerts<strong><a rel=\"noreferrer noopener\" href=\"https:\/\/voixdaunis.com\/wp-content\/uploads\/2022\/06\/stage-chant-meditation-yogaduson-25-26-juin2022.pdf\" target=\"_blank\"> <\/a><\/strong>&#8220;Les compositrices \u00e0 travers les si\u00e8cles&#8221; &amp; Magnificat (chants marials), avec les <a href=\"http:\/\/voixdaunis.com\/index.php\/cours-de-chant-en-ligne-tutoriel\/\">ateliers de chant lyrique de &#8220;La Boh\u00e8me<\/a>&#8221; \u00e0 La Chapelle St Louis \u00e0 La Rochelle<\/p>\n\n\n\n<p><strong>Samedi 7 au lundi 9 juillet 2023 <\/strong> Stages et concerts<strong><a rel=\"noreferrer noopener\" href=\"https:\/\/voixdaunis.com\/wp-content\/uploads\/2022\/06\/stage-chant-meditation-yogaduson-25-26-juin2022.pdf\" target=\"_blank\"> <\/a><\/strong><a rel=\"noreferrer noopener\" href=\"https:\/\/voixdaunis.com\/index.php\/category\/stage-de-chant\/\" target=\"_blank\">Hildegarde, chant et m\u00e9ditation<\/a> au centre de la Voix d&#8217;Aunis \u00e0 St sauveur d&#8217;Aunis et concert \u00e0 St Sauveur d&#8217;Aunis \u00e0 16h. <a rel=\"noreferrer noopener\" href=\"https:\/\/admin.helloasso.com\/voix-d-aunis\/accueil\" data-type=\"URL\" data-id=\"https:\/\/admin.helloasso.com\/voix-d-aunis\/accueil\" target=\"_blank\">Inscription<\/a><\/p>\n\n\n\n<p><strong>Mardi 11 au jeudi 13 juillet 2023<\/strong> Stage et concert, <strong><a rel=\"noreferrer noopener\" href=\"https:\/\/voixdaunis.com\/wp-content\/uploads\/2022\/06\/stage-chant-meditation-yogaduson-25-26-juin2022.pdf\" target=\"_blank\"><\/a><\/strong><a rel=\"noreferrer noopener\" href=\"https:\/\/voixdaunis.com\/index.php\/category\/stage-de-chant\/\" target=\"_blank\">Master classe de chant lyrique<\/a> \u00e0 l&#8217;abbaye de Fontouce (17). Concert le 13 juillet \u00e0 17h, chants marials, r\u00e9cital et concert de fin de stage<\/p>\n\n\n\n<p><strong>Samedi 12 au lundi 14 ao\u00fbt 2023<\/strong> Stages et concerts<strong><a rel=\"noreferrer noopener\" href=\"https:\/\/voixdaunis.com\/wp-content\/uploads\/2022\/06\/stage-chant-meditation-yogaduson-25-26-juin2022.pdf\" target=\"_blank\"> <\/a><\/strong><a rel=\"noreferrer noopener\" href=\"https:\/\/voixdaunis.com\/index.php\/category\/stage-de-chant\/\" target=\"_blank\">Hildegarde, chant et m\u00e9ditation<\/a> au centre de la Voix d&#8217;Aunis \u00e0 St sauveur d&#8217;Aunis et concert en \u00e9glise d&#8217;Aunis \u00e0 16h. <a href=\"https:\/\/admin.helloasso.com\/voix-d-aunis\/accueil\" data-type=\"URL\" data-id=\"https:\/\/admin.helloasso.com\/voix-d-aunis\/accueil\" target=\"_blank\" rel=\"noreferrer noopener\">Inscription<\/a><\/p>\n\n\n\n<p><strong>Lundi 21 au mercredi 23 aout 2023<\/strong> Stage et concert, <a rel=\"noreferrer noopener\" href=\"https:\/\/voixdaunis.com\/index.php\/category\/stage-de-chant\/\" target=\"_blank\">Marche et chant gr\u00e9gorien <\/a>\u00e0 l&#8217;abbaye de Fontouce (17). Concert le 23 ao\u00fbt \u00e0 17h, sur les traces des chants marials<\/p>\n\n\n\n<p><strong>Vendredi 15 au dimanche 17 septembre 2023<\/strong> Stages et concerts<strong><a rel=\"noreferrer noopener\" href=\"https:\/\/voixdaunis.com\/wp-content\/uploads\/2022\/06\/stage-chant-meditation-yogaduson-25-26-juin2022.pdf\" target=\"_blank\"> <\/a><\/strong><a rel=\"noreferrer noopener\" href=\"https:\/\/voixdaunis.com\/index.php\/category\/stage-de-chant\/\" target=\"_blank\">Hildegarde, chant et m\u00e9ditation<\/a> au centre de la Voix d&#8217;Aunis \u00e0 St sauveur d&#8217;Aunis et concert \u00e0 l&#8217;\u00e9glise de St Cyr du Doret (17)  \u00e0 16h. <a rel=\"noreferrer noopener\" href=\"https:\/\/admin.helloasso.com\/voix-d-aunis\/accueil\" data-type=\"URL\" data-id=\"https:\/\/admin.helloasso.com\/voix-d-aunis\/accueil\" target=\"_blank\">Inscription<\/a><\/p>\n\n\n\n<p><strong>Dimanche 23 septembre 2023<\/strong> Stage de chant sacr\u00e9, yoga et danse Bio-dynamique &#8220;C\u00e9l\u00e9brer l&#8217;automne et son cheminement int\u00e9rieur&#8221; au centre de la voix d&#8217;Aunis, \u00e0 St Sauveur d&#8217;Aunis.<a href=\"https:\/\/voixdaunis.com\/wp-content\/uploads\/2023\/09\/stage-du-23-septembre-automne.jpeg\" target=\"_blank\" rel=\"noreferrer noopener\"> Flyer<\/a><\/p>\n\n\n\n<p><strong>Mardi 26 septembre 2023<\/strong> reprise des <a href=\"https:\/\/voixdaunis.com\/index.php\/cours-de-chant-en-ligne-tutoriel\/\" data-type=\"URL\" data-id=\"https:\/\/voixdaunis.com\/index.php\/cours-de-chant-en-ligne-tutoriel\/\" target=\"_blank\" rel=\"noreferrer noopener\">ateliers de chant lyrique au centre social de St Eloi<\/a>, avec la compagnie lyrique et musicale &#8220;La Boh\u00e8me&#8221; de 20h \u00e0 21h30, et en individuel de 17h \u00e0 20h<\/p>\n\n\n\n<p><strong>Mercredi 1 au samedi 4 novembre 2023<\/strong> Stage et concert, <a rel=\"noreferrer noopener\" href=\"https:\/\/voixdaunis.com\/index.php\/category\/stage-de-chant\/\" target=\"_blank\">Chant m\u00e9di\u00e9val et conscience corporelle<\/a> \u00e0 l&#8217;abbaye de Fontouce (17). Concert le 4 novembre \u00e0 16h, sur les chants marials.<\/p>\n\n\n\n<p><strong>Samedi 11 et dimanche 12 novembre 2023<a rel=\"noreferrer noopener\" href=\"https:\/\/voixdaunis.com\/wp-content\/uploads\/2022\/06\/stage-chant-meditation-yogaduson-25-26-juin2022.pdf\" data-type=\"URL\" data-id=\"https:\/\/voixdaunis.com\/wp-content\/uploads\/2022\/06\/stage-chant-meditation-yogaduson-25-26-juin2022.pdf\" target=\"_blank\"> <\/a><\/strong><a rel=\"noreferrer noopener\" href=\"https:\/\/voixdaunis.com\/index.php\/category\/stage-de-chant\/\" target=\"_blank\">stage Hildegarde, chant et m\u00e9ditation<\/a> \u00e0 l&#8217;espace Mouneyra , 118 Rue Mouneyra \u00e0 Bordeaux\/ 05 56 08 99 96 <\/p>\n\n\n\n<p><strong>Mardi 5 au dimanche 10 d\u00e9cembre 2023<\/strong> R\u00e9sidence d&#8217;artistes et spectacles lyriques <a href=\"https:\/\/voixdaunis.com\/index.php\/2022\/06\/04\/projet-opera\/\" data-type=\"URL\" data-id=\"https:\/\/voixdaunis.com\/index.php\/2022\/06\/04\/projet-opera\/\">La Fl\u00fbte Des-Enchant\u00e9e<\/a>, d&#8217;apr\u00e8s l&#8217;op\u00e9ra de Mozart et le point de vue de Papaguena. 3 repr\u00e9sentations du 8 au 10 d\u00e9cembre 2023 \u00e0 St Denis d&#8217;Ol\u00e9ron, St Georges d&#8217;Ol\u00e9ron et Ch\u00e2teau d&#8217;Ol\u00e9ron, dans le cadre d&#8217;un PROJET OPERA programm\u00e9 par l&#8217;\u00e9cole de musique intercommunal d&#8217;Ol\u00e9ron. <\/p>\n\n\n\n<p><strong>Samedi 23 d\u00e9cembre 2023<\/strong>  : cercle de chant et m\u00e9ditation \u00e0 Maizeron, St Mard (17700) de 14h \u00e0 17h. Participation 25 euros<\/p>\n\n\n\n<p><strong>Dimanche 24 d\u00e9cembre 2023<\/strong> : chants \u00e0 l&#8217;\u00e9glise de Surg\u00e8res en libre \u00e9coute. <\/p>\n\n\n\n<p class=\"has-text-align-center\">2022<\/p>\n\n\n\n<p><br><strong>Samedi 25 et dimanche 26 juin 2022<\/strong> <strong><a rel=\"noreferrer noopener\" href=\"https:\/\/voixdaunis.com\/wp-content\/uploads\/2022\/06\/stage-chant-meditation-yogaduson-25-26-juin2022.pdf\" data-type=\"URL\" data-id=\"https:\/\/voixdaunis.com\/wp-content\/uploads\/2022\/06\/stage-chant-meditation-yogaduson-25-26-juin2022.pdf\" target=\"_blank\">Stage chant sacr\u00e9 et m\u00e9ditation, Yoga du son<\/a><\/strong><a rel=\"noreferrer noopener\" href=\"https:\/\/www.gitelesormeaux.com\/\" target=\"_blank\"> au g\u00eete des Ormeaux<\/a> 17290 Chambon et \u00e0 la chapelle St Jacques du Cher&#8220; <\/p>\n\n\n\n<p><strong>Dimanche 26 juin 2022 <\/strong>\u00e0 17h Concert m\u00e9ditatif et voyage sonore  \u00e0 la chapelle St Jacques du Cher&#8220; 17290 Chambon<\/p>\n\n\n\n<p><strong>Mardi 5 juillet 2022 <\/strong>\u00e0 20h30 : concert des ateliers de chant lyrique de La Boh\u00e8me (du mardi soir) \u00e0 la chapelle St Louis \u00e0 La Rochelle (Vivaldi, Scarlatti, Brahms&#8230;) <br><strong>Lundi 18 au mercredi <\/strong>20 juillet 2022  ;<strong> <\/strong><a href=\"https:\/\/voixdaunis.com\/index.php\/category\/stage-de-chant\/\"><strong>Stage Marche et chant gr\u00e9gorien<\/strong> <\/a>\u00e0 l&#8217;Abbaye de Fontdouce (17)<br><strong>Mercredi 20 juillet 2022<\/strong> \u00e0 17h Concert de fin de stage :\u00e0 17h \u00e0 l&#8217;Abbaye de Fontdouce<\/p>\n\n\n\n<p><strong>Mardi 23 au jeudi 25 Ao\u00fbt 2022<\/strong> <a href=\"https:\/\/voixdaunis.com\/index.php\/category\/stage-de-chant\/\"><strong>Master classe&nbsp; de Chant lyrique<\/strong><\/a> \u00e0 l&#8217;Abbaye de Fontdouce (17) <\/p>\n\n\n\n<p><strong>Jeudi 25 Ao\u00fbt&nbsp; 2022<\/strong> Concert de fin de stage : \u00e0 17h \u00e0 l&#8217;Abbaye&nbsp;de Fontdouce (17)<\/p>\n\n\n\n<p><strong>Samedi 17 septembre 2022<\/strong> Concert contes et chants africains et m\u00e9di\u00e9vaux, avec Ablaye M&#8217; Baye et Fabienne Celllier-Triguel (<a rel=\"noreferrer noopener\" href=\"https:\/\/www.youtube.com\/watch?v=2BPyDe2f9W4\" data-type=\"URL\" data-id=\"https:\/\/www.youtube.com\/watch?v=2BPyDe2f9W4\" target=\"_blank\">Teaser)<\/a> \u00e0 Charron (17)<\/p>\n\n\n\n<p><strong>Mardi 24 au vendredi 27 novembre 2022<\/strong> <a href=\"https:\/\/voixdaunis.com\/index.php\/category\/stage-de-chant\/\"><strong>Stage de Chant m\u00e9di\u00e9val et conscience corporelle<\/strong> <\/a>\u00e0 L&#8217;Abbaye de Fontdouce (17)<br><strong>Jeudi 27 octobre 2022 \u00e0 16h<\/strong> Concert de fin de stage \u00e0 l&#8217;Abbaye&nbsp;de Fontdouce (17)<\/p>\n\n\n\n<p class=\"has-text-align-center\"><strong>2021<\/strong><\/p>\n\n\n\n<p><strong>Medit&#8217;en chant-son<\/strong>, plusieurs repr\u00e9sentations sous forme d&#8217;ateliers de sensibilisation ou de concerts m\u00e9ditatifs et interactifs dans les \u00e9coles. <\/p>\n\n\n<div>\n<div>\n<p><strong><a href=\"https:\/\/voixdaunis.com\/index.php\/a-cappella-conte-et-chante\/\">Concert A Cappella<\/a> Dimanche 4 juillet 2021 \u00e0 l&#8217;\u00e9glise de Barbezieux (16) \u00e0 16h30&nbsp;<\/strong><\/p>\n<p><a href=\"https:\/\/voixdaunis.com\/index.php\/category\/stage-de-chant\/\"><strong>&nbsp;Stage <\/strong><strong>Marche et chant gr\u00e9gorien&nbsp;<\/strong><\/a><br \/>du mardi 20 au jeudi 22 juillet 2021 \u00e0 l&#8217;<strong><a href=\"https:\/\/www.abbaye-fontdouce.com\/\" target=\"_blank\" rel=\"noopener\">Abbaye de Fontdouce<\/a><\/strong><br \/>Th\u00e8me du d\u00e9sert, r\u00e9pertoire de Car\u00eame ;&nbsp; Concert de fin de stage : Jeudi 22 juillet 2021 \u00e0 17h&nbsp;<\/p>\n<p><strong>R\u00e9sidence musicale des ensembles Voix d&#8217;Aunis, Ut Resonet Melos et Gjurmusic, AIA,&nbsp;<\/strong>&nbsp; \u00e0 Tours du 20 au 22 ao\u00fbt 2021 et concert le 22 ao\u00fbt 2021.&nbsp;<\/p>\n<p><a href=\"https:\/\/voixdaunis.com\/index.php\/category\/stage-de-chant\/\"><strong>Master classe&nbsp; de Chant lyrique<\/strong><\/a><br \/>du mardi 24 au jeudi 26 Ao\u00fbt 2021 \u00e0 l&#8217;<strong><a href=\"https:\/\/www.abbaye-fontdouce.com\/\" target=\"_blank\" rel=\"noopener\">Abbaye de Fontdouce<\/a><\/strong><br \/>Niveau avanc\u00e9 ou autonomie pour l\u2019apprentissage musical<br \/>Concert de fin de stage : jeudi 26 Ao\u00fbt&nbsp; 2021 \u00e0 17h&nbsp;<\/p>\n<p><strong><a href=\"https:\/\/voixdaunis.com\/index.php\/category\/stage-de-chant\/\">Stage de chant m\u00e9di\u00e9val et conscience corporelle<\/a> <\/strong><br \/>du mardi 2 au vendredi 5 novembre 2021 \u00e0 l&#8217;<strong><a href=\"https:\/\/www.abbaye-fontdouce.com\/\" target=\"_blank\" rel=\"noopener\">Abbaye de Fontdouce<\/a><\/strong><br \/>Th\u00e8me : D\u00e9sert ; Cantigas, Hildegard de Bingen XIIe ,Llibre Vermell, Chant Gr\u00e9gorien&#8230;<br \/>Concert de fin de stage : Vendredi 22 octobre \u00e0 16h&nbsp;<strong>\u00e0 l\u2019Abbaye&nbsp;de Fontdouce<\/strong><\/p>\n<p><a href=\"https:\/\/voixdaunis.com\/index.php\/concerts-meditatifs\/\"><strong>&#8220;Concert m\u00e9ditatif&#8221;<\/strong> <\/a>dans le cadre du festival <a href=\"https:\/\/www.aunisatlantique.fr\/evenements\/festival-un-week-end-a-la-briqueterie\/\" target=\"_blank\" rel=\"noopener\">&#8220;un week-end \u00e0 la Briqueterie&#8221;<\/a> le 11 septembre 2021<\/p>\n<p><strong>R\u00e9cital d&#8217;airs d&#8217;op\u00e9ra<\/strong>, ballade lyrique, &#8220;l&#8217;amour toujours l&#8217;amour&#8221; \u00e0 La Rochelle le 27 juin 2021<\/p>\n<p><strong>R\u00e9sidence musicale des ensembles Voix d&#8217;Aunis, Ut Resonet Melos et Gjurmusic, AIA,&nbsp;<\/strong> &nbsp;\u00e0 l&#8217;\u00e9glise du Taillan M\u00e9doc (33) &nbsp;du 28 au 30 mai 2021 et concert le 30 mai \u00e0 15h&nbsp;<\/p>\n<p style=\"text-align: center;\"><strong>2020<\/strong><\/p>\n<p><strong>CONCERT-CONF\u00c9RENCE&nbsp; Hildegarde, une femme hors norme<\/strong><\/p>\n<p>Dimanche 23 f\u00e9vrier 2020 \u00e0 Mouilleron-en-Pareds (85) \u00e0 17h<\/p>\n<p><strong>STAGE DE CHANT 2020 \u00e0 l&#8217;abbaye de Fontdouce<\/strong><\/p>\n<p>-Master classe lyrique : du mardi 7 au jeudi 9 juillet 2020<\/p>\n<p>&#8211; Marche et chant gr\u00e9gorien : du mardi 18 au jeudi 20 ao\u00fbt 2020<\/p>\n<p>&#8211; Chant m\u00e9di\u00e9val et conscience corporelle : du mardi 20 au vendredi 23 octobre 2020<\/p>\n<p>CO<strong>NCERT MEDITATIF F\u00e9minin Sacr\u00e9 &#8220;Assumpta est Maria&#8221;<\/strong><br \/><strong>Dimanche 15 d\u00e9cembre 2019-14h- presbyt\u00e8re de St Sauveur d&#8217;Aunis Dimanche 21 d\u00e9cembre 2019-15h30 -l&#8217;instang d&#8217;Anna \u00e0 Nuaill\u00e9 d&#8217;Aunis<em><br \/>St&nbsp;Sauveur&nbsp;d\u2019Aunis<\/em><\/strong><em>&#8211;<\/em><em>(places limit\u00e9es)<\/em><\/p>\n<p>CONCERT MEDITATIF F\u00e9minin Sacr\u00e9 &#8220;Assumpta est Maria&#8221;<br \/><strong>&nbsp;21 et 22 sept. 2019&nbsp; <a href=\"https:\/\/voixdaunis.com\/index.php\/2019\/09\/18\/concert-meditatif\/\" target=\"_blank\" rel=\"noopener noreferrer\">cliquez ici<\/a><em><br \/>St&nbsp;Sauveur&nbsp;d\u2019Aunis<\/em><\/strong><em>-Chapelle Notre Dame des Champs&nbsp;(\u00e0 l\u2019ext\u00e9rieur&nbsp;du village route des vignes)&nbsp;Samedi &nbsp;\u00e0&nbsp;<\/em><strong><em>&nbsp;17h<\/em><\/strong><em>&nbsp;&nbsp;Dimanche &nbsp;\u00e0&nbsp;<\/em><strong><em>14h30&nbsp;<\/em><\/strong><em>(places limit\u00e9es)<\/em><\/p>\n<p><strong>Stages de chant 2019 et concerts&nbsp;<\/strong> : <a href=\"https:\/\/voixdaunis.com\/index.php\/2019\/02\/27\/stages-de-chant-2019\/\">cliquez ici<\/a><\/p>\n<p>Stage de chant m\u00e9di\u00e9val et conscience corporelle \u00e0 l&#8217;abbaye de Fontdouce du 21 au 24 octobre 2019 ; concert le 24 octobre \u00e0 16h&nbsp;<\/p>\n<p><span style=\"color: #008000;\"><strong>Stages<\/strong> : <strong>Cycle Hildegarde de Bingen,<\/strong> source de vie :&nbsp; de mars&nbsp; \u00e0 octobre 2019 avec 3 stages consacr\u00e9s \u00e0 l\u2019Abbesse du XIIe ( <strong>21 au 23 mars 2019 \u00e0&nbsp;St Sauveur d\u2019Aunis et La Rochelle<\/strong>&nbsp;, <strong>26 au 28 avril 2019 \u00e0 Lille&nbsp;<\/strong>, <strong>28 au 30 juin 2019 \u00e0 Saumur<\/strong>). <\/span><\/p>\n<p><span style=\"color: #008000;\"><strong>Concert Hildegarde, cont\u00e9 et chant\u00e9<\/strong>: 22 mars 2019 Festival des &#8220;Elles \u00e0 La Rochelle&#8221; \u00e0 20h30 \u00e9glise St Louis &nbsp;10 \u20ac\/5 \u20ac rens. Caf\u00e9 Blanc 0 6 67 32 41 95 www.cafeblanconnexion.com. <\/span><br \/><span style=\"color: #008000;\">23 mars concert de fin de stage (lieu \u00e0 d\u00e9finir : 06 99 90 44 57)<\/span><\/p>\n<p><span style=\"color: #008000;\"><strong>M\u00e9ditation<\/strong> : 21 mars 2019 \u00e0 19h Centre rencontre de St Sauveur d&#8217;Aunis 17540<\/span><\/p>\n<p><strong>Pace 14-18, vers une conscience de Paix (Spectacle)&nbsp; <a href=\"https:\/\/1418enaunis.wordpress.com\/2018\/08\/08\/nos-prochaines-dates\/\" target=\"_blank\" rel=\"noopener noreferrer\">cliquez ici<\/a><\/strong><\/p>\n<p>10 novembre 2019 \u00e0 15h30 \u00e0&nbsp; La Ronde (17)<\/p>\n<\/div>\n<p><strong>Chanter pendant La Grande Guerre (R\u00e9cital et lecture) : <a href=\"https:\/\/1418enaunis.wordpress.com\/2018\/08\/08\/nos-prochaines-dates\/\" target=\"_blank\" rel=\"noopener noreferrer\">cliquez ici<\/a><\/strong><\/p>\n<div>\n<p><strong>Fl\u00fbte Des-Enchant\u00e9e<\/strong> : cr\u00e9ation le 10 mai 2019&nbsp; \u00e0 18h \u00e0 Charron<\/p>\n<p><strong>Trio Afro-m\u00e9di\u00e9val<\/strong> : jeudi 30 mai \u00e0 Verrines (plusieurs passages dans la journ\u00e9e)<\/p>\n<p><strong>Chanter pendant La Grande Guerre&nbsp;<\/strong><\/p>\n<p style=\"text-align: center;\">2019<\/p>\n<p>Vendredi 29 mars 2019 \u00e0 Cour\u00e7on<\/p>\n<p>Dimanche 27 janvier 2019 \u00e0 St jean de Liversay<\/p>\n<p style=\"text-align: center;\">2018<\/p>\n<p>Samedi 15 septembre 2018 \u00e0 18h,&nbsp; \u00e0 Vandr\u00e9 (17)<\/p>\n<p>Jeudi 8&nbsp; novembre 2018 \u00e0 18h \u00e0 Chambon (17)<\/p>\n<p>Vendredi 9 novembre 2018 \u00e0 20h30, \u00e0 Bouhet (17)<\/p>\n<p>Mardi 20 novembre 2018 \u00e0 Villiers en Plaine (79)<\/p>\n<p>Dimanche 25 novembre 2018 \u00e0 15h, \u00e0 Marsais (17)<\/p>\n<p><img loading=\"lazy\" decoding=\"async\" class=\"alignnone size-full wp-image-380\" src=\"https:\/\/voixdaunis.com\/wp-content\/uploads\/2018\/10\/Capture.jpg\" alt=\"\" width=\"681\" height=\"521\" srcset=\"https:\/\/voixdaunis.com\/wp-content\/uploads\/2018\/10\/Capture.jpg 681w, https:\/\/voixdaunis.com\/wp-content\/uploads\/2018\/10\/Capture-300x230.jpg 300w, https:\/\/voixdaunis.com\/wp-content\/uploads\/2018\/10\/Capture-392x300.jpg 392w\" sizes=\"auto, (max-width: 681px) 100vw, 681px\" \/><\/p>\n<p><strong>Pace 14-18, vers une conscience de Paix (Spectacle)&nbsp; <a href=\"https:\/\/1418enaunis.wordpress.com\/2018\/08\/08\/nos-prochaines-dates\/\" target=\"_blank\" rel=\"noopener noreferrer\">cliquez ici<\/a><\/strong><\/p>\n<p>Dimanche 10 novembre 2019 sur la CDC Aunis Atlantique<\/p>\n<p>Dimanche 11 novembre 2018 \u00e0 16h \u00e0&nbsp;l\u2019Agora, St Xandre (17)<\/p>\n<p>Vendredi 16 novembre 2018 \u00e0 20h30,&nbsp; St Georges d\u2019Ol\u00e9ron (17)<\/p>\n<p>Samedi 17 novembre 2018 \u00e0 20h30 \u00e0 l\u2019\u2019Eldorado, St Pierre d\u2019Ol\u00e9ron (17)<\/p>\n<p>Dimanche 18 novembre 2018 apr\u00e8s-midi \u00e0 la Citadelle, \u00e0 18h au Ch\u00e2teau d\u2019Ol\u00e9ron (17)<\/p>\n<p>Vendredi 30 novembre 2018 \u00e0 20h, Eglise St Sauveur \u00e0 La Rochelle (17)<\/p>\n<p>Vendredi 30 novembre 2018 \u00e0 14h Eglise St Sauveur \u00e0 La Rochelle (17) (scolaires)<img loading=\"lazy\" decoding=\"async\" class=\"alignnone size-full wp-image-379\" src=\"https:\/\/voixdaunis.com\/wp-content\/uploads\/2018\/10\/UNADJUSTEDNONRAW_thumb_59d3.jpg\" alt=\"\" width=\"1024\" height=\"768\" srcset=\"https:\/\/voixdaunis.com\/wp-content\/uploads\/2018\/10\/UNADJUSTEDNONRAW_thumb_59d3.jpg 1024w, https:\/\/voixdaunis.com\/wp-content\/uploads\/2018\/10\/UNADJUSTEDNONRAW_thumb_59d3-300x225.jpg 300w, https:\/\/voixdaunis.com\/wp-content\/uploads\/2018\/10\/UNADJUSTEDNONRAW_thumb_59d3-768x576.jpg 768w, https:\/\/voixdaunis.com\/wp-content\/uploads\/2018\/10\/UNADJUSTEDNONRAW_thumb_59d3-400x300.jpg 400w\" sizes=\"auto, (max-width: 1024px) 100vw, 1024px\" \/><\/p>\n<\/div>\n<div style=\"text-align: center;\"><a href=\"https:\/\/wordpress.com\/page\/1418enaunis.wordpress.com\/2\" target=\"_blank\" rel=\"noopener noreferrer\">Acc\u00e9dez au blog<\/a> sur Pace14-18, vers une conscience de Paix<\/div>\n<div>\n<div id=\"attachment_372\" style=\"width: 710px\" class=\"wp-caption alignnone\"><img loading=\"lazy\" decoding=\"async\" aria-describedby=\"caption-attachment-372\" class=\"size-full wp-image-372\" src=\"https:\/\/voixdaunis.com\/wp-content\/uploads\/2018\/10\/hildegarde_lajarrie_2018.png\" alt=\"Hildegarde de Bingen \u00e0 la Jarrie par Fabienne Cellier-Triguel\" width=\"700\" height=\"986\" srcset=\"https:\/\/voixdaunis.com\/wp-content\/uploads\/2018\/10\/hildegarde_lajarrie_2018.png 700w, https:\/\/voixdaunis.com\/wp-content\/uploads\/2018\/10\/hildegarde_lajarrie_2018-213x300.png 213w\" sizes=\"auto, (max-width: 700px) 100vw, 700px\" \/><p id=\"caption-attachment-372\" class=\"wp-caption-text\">Hildegarde de Bingen \u00e0 la Jarrie par Fabienne Cellier-Triguel<\/p><\/div><\/p>\n<p><strong>R\u00e9cital <a href=\"http:\/\/voixdaunis.com\/index.php\/2018\/03\/16\/representations-\u2026la-grande-guerre\/\" target=\"_blank\" rel=\"noopener noreferrer\">&#8220;Chanter pendant La grande Guerre&#8221; <\/a>(entr\u00e9e libre)<\/strong><\/p>\n<\/div>\n<div>&nbsp;Jeudi 22 mars 2018 \u00e0 20h30 \u00e0 la salle des f\u00eates de&nbsp;<b>Cram Chab<\/b><b>an<\/b><\/div>\n<div>Vendredi 23 mars 2018 \u00e0 10h30&nbsp;\u00e0 la salle des f\u00eates d&#8217;<b>Angliers<\/b><\/div>\n<div>Vendredi 23 mars 2018 \u00e0&nbsp;&nbsp;18h30 \u00e0 la salle des vignes de<b>&nbsp;St Sauveur d&#8217;Aunis<\/b><\/div>\n<div>Lundi 26 mars 2018 \u00e0 10h30 \u00e0 la salle des f\u00eates de&nbsp;<b>St Cyr du Doret<\/b><\/div>\n<\/div>\n<div>Dimanche 25 mars 2018 \u00e0 17h <b>Chapelle St Anne,<\/b><b>rue Paul Verlaine, \u00e0 La Rochelle<\/b><\/div>\n<div>Mardi 27 mars 2018 \u00e0 21h15 au c<b>entre social de St Eloi \u00e0 la Rochelle<\/b><\/div>\n<div>&nbsp;<\/div>\n<div>&nbsp;<\/div>\n<div>&nbsp;<\/div>\n\n\n<p><\/p>\n","protected":false},"excerpt":{"rendered":"<p>Vendredi 6 au Dimanche 8 f\u00e9vrier 2025 Week-end de chant et concert m\u00e9ditatif&nbsp; \u00e0 Villeneuve d\u2019Ascq-59 Hildegarde de Bingen Corps-Voix-M\u00e9ditation Plaquette du stage Vendredi 13 au samedi 14 mars Concert cont\u00e9 et chant\u00e9 autour d&#8217;Hildegarde de Bingen (vendredi) et cercle &hellip; <a href=\"https:\/\/voixdaunis.com\/index.php\/agenda\/\">Continuer la lecture <span class=\"meta-nav\">&rarr;<\/span><\/a><\/p>\n","protected":false},"author":1,"featured_media":0,"parent":0,"menu_order":0,"comment_status":"closed","ping_status":"closed","template":"","meta":{"footnotes":""},"class_list":["post-331","page","type-page","status-publish","hentry"],"_links":{"self":[{"href":"https:\/\/voixdaunis.com\/index.php\/wp-json\/wp\/v2\/pages\/331","targetHints":{"allow":["GET"]}}],"collection":[{"href":"https:\/\/voixdaunis.com\/index.php\/wp-json\/wp\/v2\/pages"}],"about":[{"href":"https:\/\/voixdaunis.com\/index.php\/wp-json\/wp\/v2\/types\/page"}],"author":[{"embeddable":true,"href":"https:\/\/voixdaunis.com\/index.php\/wp-json\/wp\/v2\/users\/1"}],"replies":[{"embeddable":true,"href":"https:\/\/voixdaunis.com\/index.php\/wp-json\/wp\/v2\/comments?post=331"}],"version-history":[{"count":81,"href":"https:\/\/voixdaunis.com\/index.php\/wp-json\/wp\/v2\/pages\/331\/revisions"}],"predecessor-version":[{"id":1178,"href":"https:\/\/voixdaunis.com\/index.php\/wp-json\/wp\/v2\/pages\/331\/revisions\/1178"}],"wp:attachment":[{"href":"https:\/\/voixdaunis.com\/index.php\/wp-json\/wp\/v2\/media?parent=331"}],"curies":[{"name":"wp","href":"https:\/\/api.w.org\/{rel}","templated":true}]}}