{"id":75,"date":"2017-09-14T02:19:15","date_gmt":"2017-09-14T00:19:15","guid":{"rendered":"http:\/\/voixdaunis.com\/?page_id=75"},"modified":"2018-02-23T23:34:30","modified_gmt":"2018-02-23T22:34:30","slug":"dames-troubadours-femmes-du-xiie","status":"publish","type":"page","link":"https:\/\/voixdaunis.com\/index.php\/dames-troubadours-femmes-du-xiie\/","title":{"rendered":"Dames Troubadours, femmes du XIIe"},"content":{"rendered":"<p style=\"text-align: center;\">Notre derni\u00e8re cr\u00e9ation : pr\u00e9sentation, dossier de presse, photos<\/p>\n<p style=\"text-align: center;\">Cette cr\u00e9ation re\u00e7oit l&#8217;aide \u00e0 la diffusion du Conseil d\u00e9partemental 17<\/p>\n<p style=\"text-align: center;\"><a href=\"http:\/\/www.concert-acappella.com\/dames%20troubadours.htm\" target=\"_blank\" rel=\"noopener\">cliquez ici<\/a><\/p>\n<p style=\"text-align: center;\">\u00a0Vid\u00e9os : pr\u00e9sentation et extraits du spectacle, ci-dessous<\/p>\n<p><iframe loading=\"lazy\" title=\"Dames Troubadours, femmes du XIIe- Pr\u00e9sentation du spectacle\" width=\"584\" height=\"438\" src=\"https:\/\/www.youtube.com\/embed\/abEUsow_xZA?feature=oembed\" frameborder=\"0\" allow=\"accelerometer; autoplay; clipboard-write; encrypted-media; gyroscope; picture-in-picture; web-share\" referrerpolicy=\"strict-origin-when-cross-origin\" allowfullscreen><\/iframe><\/p>\n<p>&nbsp;<\/p>\n<p><iframe loading=\"lazy\" title=\"Complainte de la blanche biche\" width=\"584\" height=\"438\" src=\"https:\/\/www.youtube.com\/embed\/F3ZkZbOZLLA?feature=oembed\" frameborder=\"0\" allow=\"accelerometer; autoplay; clipboard-write; encrypted-media; gyroscope; picture-in-picture; web-share\" referrerpolicy=\"strict-origin-when-cross-origin\" allowfullscreen><\/iframe><\/p>\n<p><iframe loading=\"lazy\" title=\"Dames Troubadours, femmes du XII, extrait\" width=\"584\" height=\"438\" src=\"https:\/\/www.youtube.com\/embed\/5eN8x8tHFwM?feature=oembed\" frameborder=\"0\" allow=\"accelerometer; autoplay; clipboard-write; encrypted-media; gyroscope; picture-in-picture; web-share\" referrerpolicy=\"strict-origin-when-cross-origin\" allowfullscreen><\/iframe><\/p>\n<p>&nbsp;<\/p>\n<p><iframe loading=\"lazy\" title=\"A chantar\" width=\"584\" height=\"438\" src=\"https:\/\/www.youtube.com\/embed\/VN_x0Vr5L-Q?feature=oembed\" frameborder=\"0\" allow=\"accelerometer; autoplay; clipboard-write; encrypted-media; gyroscope; picture-in-picture; web-share\" referrerpolicy=\"strict-origin-when-cross-origin\" allowfullscreen><\/iframe><\/p>\n<p>&nbsp;<\/p>\n<p><iframe loading=\"lazy\" title=\"Rossignolet du bois\" width=\"584\" height=\"438\" src=\"https:\/\/www.youtube.com\/embed\/6RlZR_ZV-7Y?feature=oembed\" frameborder=\"0\" allow=\"accelerometer; autoplay; clipboard-write; encrypted-media; gyroscope; picture-in-picture; web-share\" referrerpolicy=\"strict-origin-when-cross-origin\" allowfullscreen><\/iframe><\/p>\n<p>&nbsp;<\/p>\n<p>&nbsp;<\/p>\n<p>&nbsp;<\/p>\n<p>&nbsp;<\/p>\n<p>&nbsp;<\/p>\n<p>&nbsp;<\/p>\n","protected":false},"excerpt":{"rendered":"<p>Notre derni\u00e8re cr\u00e9ation : pr\u00e9sentation, dossier de presse, photos Cette cr\u00e9ation re\u00e7oit l&#8217;aide \u00e0 la diffusion du Conseil d\u00e9partemental 17 cliquez ici \u00a0Vid\u00e9os : pr\u00e9sentation et extraits du spectacle, ci-dessous &nbsp; &nbsp; &nbsp; &nbsp; &nbsp; &nbsp; &nbsp; &nbsp; &nbsp;<\/p>\n","protected":false},"author":1,"featured_media":46,"parent":0,"menu_order":0,"comment_status":"closed","ping_status":"closed","template":"","meta":{"footnotes":""},"class_list":["post-75","page","type-page","status-publish","has-post-thumbnail","hentry"],"_links":{"self":[{"href":"https:\/\/voixdaunis.com\/index.php\/wp-json\/wp\/v2\/pages\/75","targetHints":{"allow":["GET"]}}],"collection":[{"href":"https:\/\/voixdaunis.com\/index.php\/wp-json\/wp\/v2\/pages"}],"about":[{"href":"https:\/\/voixdaunis.com\/index.php\/wp-json\/wp\/v2\/types\/page"}],"author":[{"embeddable":true,"href":"https:\/\/voixdaunis.com\/index.php\/wp-json\/wp\/v2\/users\/1"}],"replies":[{"embeddable":true,"href":"https:\/\/voixdaunis.com\/index.php\/wp-json\/wp\/v2\/comments?post=75"}],"version-history":[{"count":6,"href":"https:\/\/voixdaunis.com\/index.php\/wp-json\/wp\/v2\/pages\/75\/revisions"}],"predecessor-version":[{"id":122,"href":"https:\/\/voixdaunis.com\/index.php\/wp-json\/wp\/v2\/pages\/75\/revisions\/122"}],"wp:featuredmedia":[{"embeddable":true,"href":"https:\/\/voixdaunis.com\/index.php\/wp-json\/wp\/v2\/media\/46"}],"wp:attachment":[{"href":"https:\/\/voixdaunis.com\/index.php\/wp-json\/wp\/v2\/media?parent=75"}],"curies":[{"name":"wp","href":"https:\/\/api.w.org\/{rel}","templated":true}]}}