{"id":851,"date":"2024-06-11T13:39:43","date_gmt":"2024-06-11T11:39:43","guid":{"rendered":"https:\/\/voixdaunis.com\/?page_id=851"},"modified":"2025-03-12T18:55:53","modified_gmt":"2025-03-12T17:55:53","slug":"hildegarde-de-bingen-2","status":"publish","type":"page","link":"https:\/\/voixdaunis.com\/index.php\/hildegarde-de-bingen-2\/","title":{"rendered":"Hildegarde de Bingen"},"content":{"rendered":"\n<p>Le r\u00e9pertoire d&#8217;Hildegarde de Bingen est au coeur de la cr\u00e9ation artistique de Voix d&#8217;Aunis, avec le chant gr\u00e9gorien, le chant m\u00e9di\u00e9val et le chant sacr\u00e9. <strong>Nous proposons diff\u00e9rents concerts, spectacles et stages en \u00e9glise, en salle, dans la nature, dans les jardins (possibilit\u00e9 de d\u00e9ambulation dans plusieurs lieux), chez l&#8217;habitant<\/strong> : conte et chant avec le <a href=\"https:\/\/www.concert-acappella.com\/a%20cappella%20hildegard%20von%20bingen.htm\" target=\"_blank\" rel=\"noreferrer noopener\">concert A Cappella<\/a> \/ concert m\u00e9ditatif \/ concert de chants sacr\u00e9s \/ cercles de chant \/ <a href=\"https:\/\/voixdaunis.com\/index.php\/2024\/06\/07\/stage-hildegarde-de-bingen-chant-et-meditation\/\" target=\"_blank\" rel=\"noreferrer noopener\">stages<\/a>&#8230;.(d\u00e9tails ci-dessous et sur l&#8217;onglet<a href=\"https:\/\/voixdaunis.com\/index.php\/hildegarde-de-bingen\/\" data-type=\"link\" data-id=\"https:\/\/voixdaunis.com\/index.php\/hildegarde-de-bingen\/\" target=\"_blank\" rel=\"noreferrer noopener\"> Hildegarde <\/a>)<\/p>\n\n\n\n<p> &#8220;Hildegarde, appelle l&#8217;homme \u00e0 \u00eatre en harmonie : avec lui m\u00eame, avec les autres, avec la nature, avec les astres. Ses chants et sa po\u00e9sie sont ainsi des \u00e9l\u00e9ments chez Hildegarde qui vont harmoniser, comme l&#8217;utilisation des plantes, des pierres, des m\u00e9taux\u2026. ou &#8220;le bon sens&#8221;, la morale, les conseils et les directives qu&#8217;elle a pu donner dans ses correspondances, dans ses d\u00e9placements ou directement aux personnes qui venaient la voir. Chaque chose \u00e0 en elle un germe et une \u00e9nergie cr\u00e9ative qu&#8217;Hildegarde nomme la viridit\u00e9, de la couleur verte, qui fait pousser toutes choses et qu&#8217;il faut entretenir pour \u00eatre en harmonie. Elle combat aussi la m\u00e9lancolie, elle encourage la cr\u00e9ativit\u00e9, les vertus qu&#8217;elle d\u00e9crit notamment dans l&#8217;Ordo Virtutum, pi\u00e8ce th\u00e9\u00e2trale en musique, qui met en voix et en sc\u00e8ne l&#8217;humilit\u00e9, la foi, la victoire, l&#8217;amour ou charit\u00e9, l&#8217;\u00e2me repentie, le choeur des vertus&#8230;&#8221;Soit actif et cr\u00e9atif&#8221; dit-elle. Ses chants am\u00e8nent \u00e0 une profonde int\u00e9riorit\u00e9 et paisibilit\u00e9, \u00e0 rendre gr\u00e2ce, \u00e0 vivre et transmettre l&#8217;harmonie, la viridit\u00e9.&#8221; Fabienne Cellier-Triguel<\/p>\n\n\n\n<p><strong>\ud83e\udd40<\/strong> <strong>Conte et chant<\/strong> : avec le<a href=\"https:\/\/www.concert-acappella.com\/a%20cappella%20hildegard%20von%20bingen.htm\" data-type=\"link\" data-id=\"https:\/\/www.concert-acappella.com\/a%20cappella%20hildegard%20von%20bingen.htm\" target=\"_blank\" rel=\"noreferrer noopener\"> concert A Cappella autour d&#8217;Hildegarde de Bingen<\/a>, cont\u00e9 et chant\u00e9, sur un texte de Colette Moreau, mise en sc\u00e8ne de Jean-Luc P\u00e9rignac, cr\u00e9\u00e9 avec Catherine Schroeder, alto, et Fabienne Cellier-Triguel, soprano (version \u00e0 1 ou 2 chanteuses) <\/p>\n\n\n\n<p><strong>\ud83e\udd40<\/strong> <strong>Concert m\u00e9ditatif : <\/strong>Reliant le chant d&#8217;Hildegarde de Bingen et le silence, ce concert reprend les \u00e9tapes pour entrer en m\u00e9ditation par le chant, la voix et le silence. Fabienne Cellier-Triguel, soprano<\/p>\n\n\n\n<p><strong>\ud83e\udd40<\/strong> <strong>Concert de chants sacr\u00e9s <\/strong>(contemplatif) : Concert de chant d&#8217;Hildegarde de Bingen et de chant gr\u00e9gorien<\/p>\n\n\n\n<p><strong>\ud83e\udd40<\/strong> <strong>Mots et chants d&#8217;Hildegarde,<\/strong> \u00e9crit par Fabienne Cellier-Triguel, soprano. ce concert avec mise en espace vient aussi ponctuer la fin des stages et se mod\u00e8le selon avec les chanteurs participants (chants et textes) <\/p>\n\n\n\n<p><strong>\ud83e\udd40<\/strong> <strong>Conf\u00e9rence chant\u00e9e <\/strong>: \u201cHildegarde une femme Hors Normes\u201d concert-conf\u00e9rence avec Anne Billy, conf\u00e9renci\u00e8re, historienne et Fabienne Cellier-Triguel, artiste lyrique.<\/p>\n\n\n\n<p><strong>\ud83e\udd40<\/strong> <strong>Stages <\/strong>: <a href=\"https:\/\/voixdaunis.com\/index.php\/2024\/06\/07\/stage-hildegarde-de-bingen-chant-et-meditation\/\">Hildegarde, chant et m\u00e9ditation <\/a>(plusieurs stages programm\u00e9s) \/ Hildegarde, les chants (pour un travail plus approfondie) \/ formation en ligne sont en cours d&#8217;\u00e9laboration. Concerts de fin de stage ou partage. Les stages de chants gr\u00e9goriens et chants m\u00e9di\u00e9vaux abordent aussi les chants d&#8217;Hildegarde.<\/p>\n\n\n\n<p><strong>\ud83e\udd40 Conte musical et voyage sonore pour les enfants <\/strong>&#8220;La l\u00e9gende de Hildegarde&#8221; <a href=\"https:\/\/www.youtube.com\/watch?v=4G5ZLoORCQs\" data-type=\"link\" data-id=\"https:\/\/www.youtube.com\/watch?v=4G5ZLoORCQs\" target=\"_blank\" rel=\"noreferrer noopener\">Teaser<\/a>  En cercle, assis en lotus,\u00a0 puis allong\u00e9s sur des petits tapis en p\u00e9tales de fleurs, les enfants se laissent guider par le conte, le chant, la musique, le souffle et les gestes du yoga du son, les instruments intuitifs&#8230;\u00a0 \u00a0Les bruits du feu, des oiseaux, de la mer et de la pluie, accompagnent le conte et la musique, pour\u00a0 pr\u00e9parer au calme, au voyage sonore po\u00e9tique et m\u00e9ditatif, au\u00a0r\u00e9veil en douceur.\u00a0Les cr\u00e9pitements du feu am\u00e8nent\u00a0les enfants \u00e0 \u00e9couter, \u00e0 \u00a0souffler et \u00e0 chanter ! Le conte de Brahma conduit au tr\u00e9sor du coeur\u2026Le conte d\u2019Hildegarde, avec \u00ab\u00a0sa recette du g\u00e2teau de la joie\u00a0\u00bb, murmure la nature, la beaut\u00e9 et l\u2019harmonie\u2026<\/p>\n\n\n\n<p><strong>\ud83e\udd40 Autres stages ou cercles avec les chants d&#8217;Hildegarde :<\/strong> Chants d&#8217;Hildegarde, r\u00e9pertoire ; Yoga du son, Mantras d&#8217;Hildegarde ; Chant gr\u00e9gorien et d&#8217;Hildegarde de Bingen ; chant m\u00e9di\u00e9val et conscience corporelle (\u00e0 l&#8217;abbaye de Fontdouce) ; chant m\u00e9di\u00e9val et chant spontan\u00e9. Cercles de chant et m\u00e9ditation.<\/p>\n\n\n\n<p><strong>\ud83e\udd40<\/strong> <strong>Cercles de chant et m\u00e9ditation<\/strong> : en programmation seul ou lors de stage, les cercles de chant et m\u00e9ditation cr\u00e9\u00e9s par Fabienne Cellier-Triguel, invite \u00e0 un temps de partage en cercle, avec des chants d&#8217;Hildegarde, des chants traditionnels, des mantras, de la pratique du souffle et de gestes, avec des notions  de yoga du son et de conscience vocale. le cercle se termine par une forme courte de concert m\u00e9ditatif (ou voyage sonore) , puis la reprise de chants. Le chant traditionnel, les canons donnent \u00e0 la fois un ancrage de chant du quotidien et \u00e0 la fois un partage jovial. <\/p>\n\n\n\n<p><strong>\ud83e\udd40<\/strong> <strong>Yoga du son et mantras<\/strong> : En travaillant sur les chants, les mots, leur vibration, leur intention, nous recherchons des chemins pour s&#8217;approprier ses m\u00e9lodies dans la pratique de la m\u00e9ditation, du yoga du son, des Mantras, extraits des chants d&#8217;Hildegarde ou de l&#8217;ordo Virtutum. Ils viennent donner leur pr\u00e9sence et couleurs au silence. <\/p>\n\n\n\n<p><strong>\ud83e\udd40<\/strong> <strong>Autres concerts, programmes ou propositions<\/strong> : nous contacter<\/p>\n\n\n\n<p>voir aussi la page consacr\u00e9e \u00e0 Hildegarde : https:\/\/voixdaunis.com\/index.php\/hildegarde-de-bingen\/<\/p>\n","protected":false},"excerpt":{"rendered":"<p>Le r\u00e9pertoire d&#8217;Hildegarde de Bingen est au coeur de la cr\u00e9ation artistique de Voix d&#8217;Aunis, avec le chant gr\u00e9gorien, le chant m\u00e9di\u00e9val et le chant sacr\u00e9. Nous proposons diff\u00e9rents concerts, spectacles et stages en \u00e9glise, en salle, dans la nature, &hellip; <a href=\"https:\/\/voixdaunis.com\/index.php\/hildegarde-de-bingen-2\/\">Continuer la lecture <span class=\"meta-nav\">&rarr;<\/span><\/a><\/p>\n","protected":false},"author":1,"featured_media":0,"parent":0,"menu_order":0,"comment_status":"closed","ping_status":"closed","template":"","meta":{"footnotes":""},"class_list":["post-851","page","type-page","status-publish","hentry"],"_links":{"self":[{"href":"https:\/\/voixdaunis.com\/index.php\/wp-json\/wp\/v2\/pages\/851","targetHints":{"allow":["GET"]}}],"collection":[{"href":"https:\/\/voixdaunis.com\/index.php\/wp-json\/wp\/v2\/pages"}],"about":[{"href":"https:\/\/voixdaunis.com\/index.php\/wp-json\/wp\/v2\/types\/page"}],"author":[{"embeddable":true,"href":"https:\/\/voixdaunis.com\/index.php\/wp-json\/wp\/v2\/users\/1"}],"replies":[{"embeddable":true,"href":"https:\/\/voixdaunis.com\/index.php\/wp-json\/wp\/v2\/comments?post=851"}],"version-history":[{"count":9,"href":"https:\/\/voixdaunis.com\/index.php\/wp-json\/wp\/v2\/pages\/851\/revisions"}],"predecessor-version":[{"id":1084,"href":"https:\/\/voixdaunis.com\/index.php\/wp-json\/wp\/v2\/pages\/851\/revisions\/1084"}],"wp:attachment":[{"href":"https:\/\/voixdaunis.com\/index.php\/wp-json\/wp\/v2\/media?parent=851"}],"curies":[{"name":"wp","href":"https:\/\/api.w.org\/{rel}","templated":true}]}}